{"id":7275,"date":"2026-01-05T15:23:01","date_gmt":"2026-01-05T14:23:01","guid":{"rendered":"https:\/\/eys-workcamp.de\/?page_id=7275"},"modified":"2026-03-16T11:59:29","modified_gmt":"2026-03-16T10:59:29","slug":"70-jahre-oejd","status":"publish","type":"page","link":"https:\/\/eys-workcamp.de\/en\/70-jahre-oejd\/","title":{"rendered":"70 years of EYS (2026)"},"content":{"rendered":"<p>Time to celebrate again. The EYS would like to celebrate its 70th anniversary with everyone who&#8217;s interested.<\/p>\n<p>We, the Friends of the Ecumenical Youth Services Association (F\u00f6rderverein der \u00d6kumenischen Jugenddienste e.V.) and the EYS, have chosen\u00a0<span style=\"font-size: 1.5rem;\">September <\/span><span style=\"font-size: 1.5rem;\">Friday 25th and Saturday 26th, 2026 for this event. We will meet in Berlin. Beds in shared rooms on the <a href=\"https:\/\/gaeste-etage.de\/en\/\" target=\"_blank\" rel=\"noopener\">G\u00e4ste-Etage<\/a> have been reserved for approximately 8 people. The G\u00e4ste-Etage is a project of the German Scout Association (BDP). Parallel to the anniversary, the current\u00a0<\/span><span style=\"font-size: 1.5rem;\">EYS<\/span> <span style=\"font-size: 1.5rem;\">team members will meet from\u00a0<\/span><span style=\"font-size: 1.5rem;\">September <\/span><span style=\"font-size: 1.5rem;\">25th to 27th for an evaluation seminar\/anniversary and will also stay on the G\u00e4ste-Etage!<\/span><\/p>\n<p><span style=\"color: #ff0000;\">Programme<\/span><\/p>\n<p><strong>Friday<\/strong><br \/>\nFrom 6 p.m. Arrival at the G\u00e4ste-Etage in Wedding, getting to know each other and chatting<br \/>\n8 p.m. Dinner and cosy get-together<\/p>\n<p><strong>Saturday<\/strong><br \/>\n8:30 a.m. Breakfast<br \/>\n10:00 a.m. Camp site tour: Guided tour of the Luisenkirchh\u00f6fe &#8220;The fruits of 21 EYS work camps and what&#8217;s next?&#8221;<br \/>\n1:00 p.m. Lunch snack at the Luisenkirchh\u00f6fe<br \/>\n2:30 p.m. Anniversary service in the chapel at the Luisenkirchh\u00f6fe<br \/>\n4.30 p.m. Coffee and cake in the new office building at Goethestr. 30 (headquarters of the EYS and the F\u00f6rderverein der \u00d6kumenischen Jugenddienste e.V.)<br \/>\n5.00 p.m. Workshops<br \/>\n8.00 p.m. Dinner together in the neighbourhood \/ time to chat, make plans and celebrate<\/p>\n<p>You can register by filling out the form below. (Unfortunately only in German)<br \/>\nUnfortunately, we are unable to cover travel expenses.<br \/>\nAccommodation on the G\u00e4ste-Etage is free of charge.<\/p>\n\n<div class=\"wpcf7 no-js\" id=\"wpcf7-f4953-o1\" lang=\"de-DE\" dir=\"ltr\" data-wpcf7-id=\"4953\">\n<div class=\"screen-reader-response\"><p role=\"status\" aria-live=\"polite\" aria-atomic=\"true\"><\/p> <ul><\/ul><\/div>\n<form action=\"\/en\/wp-json\/wp\/v2\/pages\/7275#wpcf7-f4953-o1\" method=\"post\" class=\"wpcf7-form init\" aria-label=\"Kontaktformular\" novalidate=\"novalidate\" data-status=\"init\">\n<div style=\"display: none;\">\n<input type=\"hidden\" name=\"_wpcf7\" value=\"4953\" \/>\n<input type=\"hidden\" name=\"_wpcf7_version\" value=\"6.0.5\" \/>\n<input type=\"hidden\" name=\"_wpcf7_locale\" value=\"de_DE\" \/>\n<input type=\"hidden\" name=\"_wpcf7_unit_tag\" value=\"wpcf7-f4953-o1\" \/>\n<input type=\"hidden\" name=\"_wpcf7_container_post\" value=\"0\" \/>\n<input type=\"hidden\" name=\"_wpcf7_posted_data_hash\" value=\"\" \/>\n<\/div>\n<p>Ich melde mich verbindlich an f\u00fcr das Jubil\u00e4um \"70 Jahre \u00d6kumenische Jugenddienste - Auf den Spuren des \u00d6JD in die Zukunft\": (* Pflichtfelder)\n<\/p>\n<p>Ich bin an folgenden Tagen mit dabei*:\n<\/p>\n<p>Termin: <span class=\"wpcf7-form-control-wrap\" data-name=\"menu-912\"><select class=\"wpcf7-form-control wpcf7-select wpcf7-validates-as-required\" aria-required=\"true\" aria-invalid=\"false\" name=\"menu-912\"><option value=\"Freitag + Samstag (25. + 26. September 2026)\">Freitag + Samstag (25. + 26. September 2026)<\/option><option value=\"Freitag (25. September 2026)\">Freitag (25. September 2026)<\/option><option value=\"Samstag (26. September 2026)\">Samstag (26. September 2026)<\/option><\/select><\/span>\n<\/p>\n<p>F\u00fcr ca. 8 Personen ist eine \u00dcbernachtung in der G\u00e4ste-Etage (https:\/\/gaeste-etage.de\/de\/) in Mehrbettzimmern m\u00f6glich.<br \/>\n\u00dcbernachtung: <span class=\"wpcf7-form-control-wrap\" data-name=\"menu-920\"><select class=\"wpcf7-form-control wpcf7-select wpcf7-validates-as-required\" aria-required=\"true\" aria-invalid=\"false\" name=\"menu-920\"><option value=\"keine\">keine<\/option><option value=\"1 \u00dcbernachtung\">1 \u00dcbernachtung<\/option><option value=\"2 \u00dcbernachtungen\">2 \u00dcbernachtungen<\/option><\/select><\/span>\n<\/p>\n<p>Bitte teile uns deine Kontaktdaten mit.\n<\/p>\n<div class=\"form_half\">\n\t<p><span class=\"wpcf7-form-control-wrap\" data-name=\"your-vorname\"><input size=\"40\" maxlength=\"400\" class=\"wpcf7-form-control wpcf7-text wpcf7-validates-as-required\" aria-required=\"true\" aria-invalid=\"false\" placeholder=\"Vorname*\" value=\"\" type=\"text\" name=\"your-vorname\" \/><\/span>\n\t<\/p>\n<\/div>\n<div class=\"form_half form_half_last\">\n\t<p><span class=\"wpcf7-form-control-wrap\" data-name=\"your-nachname\"><input size=\"40\" maxlength=\"400\" class=\"wpcf7-form-control wpcf7-text wpcf7-validates-as-required\" aria-required=\"true\" aria-invalid=\"false\" placeholder=\"Nachname*\" value=\"\" type=\"text\" name=\"your-nachname\" \/><\/span>\n\t<\/p>\n<\/div>\n<p><br class=\"clear\" \/>\n<\/p>\n<div class=\"form_half\">\n\t<p><span class=\"wpcf7-form-control-wrap\" data-name=\"your-email\"><input size=\"40\" maxlength=\"400\" class=\"wpcf7-form-control wpcf7-email wpcf7-validates-as-required wpcf7-text wpcf7-validates-as-email\" aria-required=\"true\" aria-invalid=\"false\" placeholder=\"Email-Adresse*\" value=\"\" type=\"email\" name=\"your-email\" \/><\/span>\n\t<\/p>\n<\/div>\n<div class=\"form_half form_half_last\">\n\t<p><span class=\"wpcf7-form-control-wrap\" data-name=\"your-mobil\"><input size=\"40\" maxlength=\"400\" class=\"wpcf7-form-control wpcf7-text wpcf7-validates-as-required\" aria-required=\"true\" aria-invalid=\"false\" placeholder=\"Mobilnummer*\" value=\"\" type=\"text\" name=\"your-mobil\" \/><\/span>\n\t<\/p>\n<\/div>\n<p><br class=\"clear\" \/>\n<\/p>\n<div class=\"form_half\">\n\t<p><span class=\"wpcf7-form-control-wrap\" data-name=\"your-strasse\"><input size=\"40\" maxlength=\"400\" class=\"wpcf7-form-control wpcf7-text wpcf7-validates-as-required\" aria-required=\"true\" aria-invalid=\"false\" placeholder=\"Strasse\/Hausnummer*\" value=\"\" type=\"text\" name=\"your-strasse\" \/><\/span>\n\t<\/p>\n<\/div>\n<div class=\"form_half form_half_last\">\n\t<p><span class=\"wpcf7-form-control-wrap\" data-name=\"your-plz\"><input size=\"40\" maxlength=\"400\" class=\"wpcf7-form-control wpcf7-text wpcf7-validates-as-required\" aria-required=\"true\" aria-invalid=\"false\" placeholder=\"Postleitzahl*\" value=\"\" type=\"text\" name=\"your-plz\" \/><\/span>\n\t<\/p>\n<\/div>\n<p><br class=\"clear\" \/>\n<\/p>\n<div class=\"form_half\">\n\t<p><span class=\"wpcf7-form-control-wrap\" data-name=\"your-ort\"><input size=\"40\" maxlength=\"400\" class=\"wpcf7-form-control wpcf7-text wpcf7-validates-as-required\" aria-required=\"true\" aria-invalid=\"false\" placeholder=\"Stadt*\" value=\"\" type=\"text\" name=\"your-ort\" \/><\/span>\n\t<\/p>\n<\/div>\n<div class=\"form_half form_half_last\">\n\t<p><span class=\"wpcf7-form-control-wrap\" data-name=\"your-country\"><input size=\"40\" maxlength=\"400\" class=\"wpcf7-form-control wpcf7-text wpcf7-validates-as-required\" aria-required=\"true\" aria-invalid=\"false\" placeholder=\"Land*\" value=\"\" type=\"text\" name=\"your-country\" \/><\/span>\n\t<\/p>\n<\/div>\n<p><br class=\"clear\" \/>\n<\/p>\n<p>T-Shirt Gr\u00f6\u00dfe:*<br \/>\n<span class=\"wpcf7-form-control-wrap\" data-name=\"radio-272\"><span class=\"wpcf7-form-control wpcf7-radio\"><span class=\"wpcf7-list-item first\"><input type=\"radio\" name=\"radio-272\" value=\"S\" checked=\"checked\" \/><span class=\"wpcf7-list-item-label\">S<\/span><\/span><span class=\"wpcf7-list-item\"><input type=\"radio\" name=\"radio-272\" value=\"M\" \/><span class=\"wpcf7-list-item-label\">M<\/span><\/span><span class=\"wpcf7-list-item\"><input type=\"radio\" name=\"radio-272\" value=\"L\" \/><span class=\"wpcf7-list-item-label\">L<\/span><\/span><span class=\"wpcf7-list-item last\"><input type=\"radio\" name=\"radio-272\" value=\"XL\" \/><span class=\"wpcf7-list-item-label\">XL<\/span><\/span><\/span><\/span>\n<\/p>\n<p>Meine Kontaktdaten d\u00fcrfen zum Zweck der Bildung von Fahrgemeinschaften an andere Jubil\u00e4umsteilnehmer\/innen weitergegeben werden:*<br \/>\n<span class=\"wpcf7-form-control-wrap\" data-name=\"radio-854\"><span class=\"wpcf7-form-control wpcf7-radio\"><span class=\"wpcf7-list-item first\"><input type=\"radio\" name=\"radio-854\" value=\"ja\" checked=\"checked\" \/><span class=\"wpcf7-list-item-label\">ja<\/span><\/span><span class=\"wpcf7-list-item last\"><input type=\"radio\" name=\"radio-854\" value=\"nein\" \/><span class=\"wpcf7-list-item-label\">nein<\/span><\/span><\/span><\/span>\n<\/p>\n<p>Ern\u00e4hrungsbesonderheiten<span class=\"pflichtfeld\" title=\"Pflichtfeld\">*<\/span><br \/>\n<span class=\"wpcf7-form-control-wrap\" data-name=\"your-nahrung\"><span class=\"wpcf7-form-control wpcf7-radio\"><span class=\"wpcf7-list-item first\"><label><input type=\"radio\" name=\"your-nahrung\" value=\"keine\" \/><span class=\"wpcf7-list-item-label\">keine<\/span><\/label><\/span><span class=\"wpcf7-list-item\"><label><input type=\"radio\" name=\"your-nahrung\" value=\"vegan\" \/><span class=\"wpcf7-list-item-label\">vegan<\/span><\/label><\/span><span class=\"wpcf7-list-item last\"><label><input type=\"radio\" name=\"your-nahrung\" value=\"vegetarisch\" \/><span class=\"wpcf7-list-item-label\">vegetarisch<\/span><\/label><\/span><\/span><\/span>\n<\/p>\n<p>Allergien<span class=\"pflichtfeld\" title=\"Pflichtfeld\">*<\/span><br \/>\n<span class=\"wpcf7-form-control-wrap\" data-name=\"your-allergie\"><span class=\"wpcf7-form-control wpcf7-radio\"><span class=\"wpcf7-list-item first\"><label><input type=\"radio\" name=\"your-allergie\" value=\"keine\" \/><span class=\"wpcf7-list-item-label\">keine<\/span><\/label><\/span><span class=\"wpcf7-list-item last\"><label><input type=\"radio\" name=\"your-allergie\" value=\"ja\" \/><span class=\"wpcf7-list-item-label\">ja<\/span><\/label><\/span><\/span><\/span>\n<\/p>\n<p>Wenn ja, welche: <span class=\"wpcf7-form-control-wrap\" data-name=\"your-allergie-welche\"><input size=\"40\" maxlength=\"400\" class=\"wpcf7-form-control wpcf7-text\" aria-invalid=\"false\" value=\"\" type=\"text\" name=\"your-allergie-welche\" \/><\/span>\n<\/p>\n<p>Ich m\u00f6chte noch mitteilen: <span class=\"wpcf7-form-control-wrap\" data-name=\"infos\"><input size=\"40\" maxlength=\"400\" class=\"wpcf7-form-control wpcf7-text\" aria-invalid=\"false\" value=\"\" type=\"text\" name=\"infos\" \/><\/span>\n<\/p>\n<p><span class=\"wpcf7-form-control-wrap\" data-name=\"checkbox-475\"><span class=\"wpcf7-form-control wpcf7-checkbox wpcf7-validates-as-required wpcf7-exclusive-checkbox\"><span class=\"wpcf7-list-item first last\"><input type=\"checkbox\" name=\"checkbox-475\" value=\"Ja\" \/><span class=\"wpcf7-list-item-label\">Ja<\/span><\/span><\/span><\/span>, Ich akzeptiere die <a href='https:\/\/eys-workcamp.de\/agb-jubilaeum\/' target='_blank'>Anmelde- und Teilnahmebedingungen (AGBs)*<\/a>\n<\/p>\n<p><span class=\"wpcf7-form-control-wrap\" data-name=\"checkbox-476\"><span class=\"wpcf7-form-control wpcf7-checkbox wpcf7-validates-as-required wpcf7-exclusive-checkbox\"><span class=\"wpcf7-list-item first last\"><input type=\"checkbox\" name=\"checkbox-476\" value=\"Ja\" \/><span class=\"wpcf7-list-item-label\">Ja<\/span><\/span><\/span><\/span>, zur <a href='https:\/\/eys-workcamp.de\/datenschutz\/' target='_blank'>Datenschutzerkl\u00e4rung*<\/a>\n<\/p>\n<p><span class=\"wpcf7-form-control-wrap\" data-name=\"checkbox-135\"><span class=\"wpcf7-form-control wpcf7-checkbox\"><span class=\"wpcf7-list-item first last\"><label><input type=\"checkbox\" name=\"checkbox-135[]\" value=\"Ja\" \/><span class=\"wpcf7-list-item-label\">Ja<\/span><\/label><\/span><\/span><\/span>, zur <a href='https:\/\/eys-workcamp.de\/fotoerlaubnis\/\/' target='_blank'>Fotoerlaubnis (optional)<\/a>\n<\/p>\n<p>Ich bin damit einverstanden, dass mir \u00fcber diese Veranstaltung hinaus Informationen, Einladungen und Veranstaltungshinweise zu den \u00f6kumenischen Jugenddiensten an meine zuvor angegebene E-Mail-Adresse zugesandt werden. (optional)<br \/>\n<span class=\"wpcf7-form-control-wrap\" data-name=\"checkbox-477\"><span class=\"wpcf7-form-control wpcf7-checkbox wpcf7-exclusive-checkbox\"><span class=\"wpcf7-list-item first\"><input type=\"checkbox\" name=\"checkbox-477\" value=\"Ja\" \/><span class=\"wpcf7-list-item-label\">Ja<\/span><\/span><span class=\"wpcf7-list-item last\"><input type=\"checkbox\" name=\"checkbox-477\" value=\"Nein\" \/><span class=\"wpcf7-list-item-label\">Nein<\/span><\/span><\/span><\/span>\n<\/p>\n<p>Diesen Sicherheitscode eingeben:<br \/>\n<input type=\"hidden\" name=\"_wpcf7_captcha_challenge_captcha-778\" value=\"3762521326\" \/><img loading=\"lazy\" decoding=\"async\" class=\"wpcf7-form-control wpcf7-captchac wpcf7-captcha-captcha-778\" width=\"84\" height=\"28\" alt=\"captcha\" src=\"https:\/\/eys-workcamp.de\/wp-content\/uploads\/wpcf7_captcha\/3762521326.png\" \/><br \/>\n<span class=\"wpcf7-form-control-wrap\" data-name=\"captcha-778\"><input size=\"4\" maxlength=\"4\" class=\"wpcf7-form-control wpcf7-captchar\" autocomplete=\"off\" aria-invalid=\"false\" placeholder=\"Sicherheitscode*\" value=\"\" type=\"text\" name=\"captcha-778\" \/><\/span>\n<\/p>\n<p><input class=\"wpcf7-form-control wpcf7-submit has-spinner\" type=\"submit\" value=\"Verbindlich anmelden\" \/>\n<\/p><div class=\"wpcf7-response-output\" aria-hidden=\"true\"><\/div>\n<\/form>\n<\/div>\n\n","protected":false},"excerpt":{"rendered":"<p>Time to celebrate again. The EYS would like to celebrate its 70th anniversary with everyone who&#8217;s interested. We, the Friends of the Ecumenical Youth Services Association (F\u00f6rderverein der \u00d6kumenischen Jugenddienste e.V.) and the EYS, have chosen\u00a0September Friday 25th and Saturday <a class=\"more-link\" href=\"https:\/\/eys-workcamp.de\/en\/70-jahre-oejd\/\">weiterlesen&#8230;<\/a><\/p>\n","protected":false},"author":3,"featured_media":7324,"parent":0,"menu_order":0,"comment_status":"closed","ping_status":"closed","template":"","meta":{"footnotes":""},"class_list":["post-7275","page","type-page","status-publish","has-post-thumbnail","hentry"],"_links":{"self":[{"href":"https:\/\/eys-workcamp.de\/en\/wp-json\/wp\/v2\/pages\/7275"}],"collection":[{"href":"https:\/\/eys-workcamp.de\/en\/wp-json\/wp\/v2\/pages"}],"about":[{"href":"https:\/\/eys-workcamp.de\/en\/wp-json\/wp\/v2\/types\/page"}],"author":[{"embeddable":true,"href":"https:\/\/eys-workcamp.de\/en\/wp-json\/wp\/v2\/users\/3"}],"replies":[{"embeddable":true,"href":"https:\/\/eys-workcamp.de\/en\/wp-json\/wp\/v2\/comments?post=7275"}],"version-history":[{"count":17,"href":"https:\/\/eys-workcamp.de\/en\/wp-json\/wp\/v2\/pages\/7275\/revisions"}],"predecessor-version":[{"id":7521,"href":"https:\/\/eys-workcamp.de\/en\/wp-json\/wp\/v2\/pages\/7275\/revisions\/7521"}],"wp:featuredmedia":[{"embeddable":true,"href":"https:\/\/eys-workcamp.de\/en\/wp-json\/wp\/v2\/media\/7324"}],"wp:attachment":[{"href":"https:\/\/eys-workcamp.de\/en\/wp-json\/wp\/v2\/media?parent=7275"}],"curies":[{"name":"wp","href":"https:\/\/api.w.org\/{rel}","templated":true}]}}